{"id":1195,"date":"2025-06-12T18:07:02","date_gmt":"2025-06-12T18:07:02","guid":{"rendered":"https:\/\/modeco.mywebwork.net\/produkt\/podsufitka-suede-choco\/"},"modified":"2026-08-29T21:49:39","modified_gmt":"2026-08-29T19:49:39","slug":"pannello-del-tetto-in-pelle-scamosciata-color-cioccolato","status":"publish","type":"product","link":"https:\/\/modeco-sklep.pl\/it\/podsufitka-suede-choco\/","title":{"rendered":"HEADLINER SUPREMO IN PELLE SCAMOSCIATA - BRONZO"},"content":{"rendered":"<h4><strong>Tessuto per auto per il rivestimento del tetto \u2013 RIVESTIMENTO DEL TETTO SUPREME SUEDE<\/strong><\/h4>\n<h4>Materiale speciale SUEDE<br \/>\nHa un pelo corto e morbido che cambia direzione quando lo si sfiora con la mano. \u00c8 elastico, si adatta perfettamente alla forma del padiglione auricolare e la spugna laminata (4 mm) non assorbe la colla.<\/h4>\n<h4>\u2705 <strong>Flessibile e facile da montare<\/strong><br \/>\n\u2705 <strong>Spugna laminata \u2013 4 mm<\/strong><br \/>\n\u2705 <strong>Larghezza del tessuto: 150 cm<\/strong><\/h4>\n<h2>Il prezzo si intende per 1 metro lineare (100 x 150 cm).<br \/>\nIn caso di acquisto di pi\u00f9 metri, cerchiamo di inviare il materiale in un unico pezzo.<\/h2>\n<p>&nbsp;<\/p>\n<p><strong>Nota sui colori:<\/strong> Facciamo del nostro meglio affinch\u00e9 le foto presentate rispecchino il pi\u00f9 fedelmente possibile l'aspetto reale dei tessuti. Si prega tuttavia di tenere presente che le tonalit\u00e0 dei colori visibili sullo schermo possono differire da quelle reali: ci\u00f2 dipende, tra l\u2019altro, dalle impostazioni del monitor o dello smartphone, dalla luminosit\u00e0 dello schermo e dalle condizioni di illuminazione. In caso di dubbi, consigliamo di richiedere un campione di tessuto prima dell\u2019acquisto.<\/p>\n<p style=\"color: #444444; box-sizing: border-box; background-color: transparent;\">","protected":false},"excerpt":{"rendered":"<p>Tkanina samochodowa na podsufitk\u0119 \u2013 PODSUFITKA SUPREME SUEDE Specjalny materia\u0142 SUEDE Posiada kr\u00f3tki, mi\u0119kki w\u0142os, kt\u00f3ry zmienia kierunek po przeci\u0105gni\u0119ciu d\u0142oni\u0105,. Jest elastyczny, doskonale dopasowuje si\u0119 do kszta\u0142tu podsufitki, a laminowana g\u0105bka (4 mm) nie wch\u0142ania kleju. &#x2705; Elastyczna i \u0142atwa w monta\u017cu &#x2705; Laminowana g\u0105bka \u2013 4 mm &#x2705; Szeroko\u015b\u0107 materia\u0142u: 150 cm Cena [&hellip;]<\/p>\n","protected":false},"featured_media":8517,"comment_status":"closed","ping_status":"closed","template":"","meta":{"_acf_changed":false},"product_brand":[17],"product_cat":[158,20,116,18],"product_tag":[],"class_list":["post-1195","product","type-product","status-publish","has-post-thumbnail","product_brand-modeco","product_cat-supreme-suede-stretch-tkaniny-na-podsufitki-samochodowe","product_cat-supreme-suede-na-podsufitki","product_cat-material-na-podsufitke","product_cat-tkaniny-na-podsufitki-samochodowe","first","instock","purchasable","product-type-simple"],"acf":[],"_links":{"self":[{"href":"https:\/\/modeco-sklep.pl\/it\/wp-json\/wp\/v2\/product\/1195","targetHints":{"allow":["GET"]}}],"collection":[{"href":"https:\/\/modeco-sklep.pl\/it\/wp-json\/wp\/v2\/product"}],"about":[{"href":"https:\/\/modeco-sklep.pl\/it\/wp-json\/wp\/v2\/types\/product"}],"replies":[{"embeddable":true,"href":"https:\/\/modeco-sklep.pl\/it\/wp-json\/wp\/v2\/comments?post=1195"}],"wp:featuredmedia":[{"embeddable":true,"href":"https:\/\/modeco-sklep.pl\/it\/wp-json\/wp\/v2\/media\/8517"}],"wp:attachment":[{"href":"https:\/\/modeco-sklep.pl\/it\/wp-json\/wp\/v2\/media?parent=1195"}],"wp:term":[{"taxonomy":"product_brand","embeddable":true,"href":"https:\/\/modeco-sklep.pl\/it\/wp-json\/wp\/v2\/product_brand?post=1195"},{"taxonomy":"product_cat","embeddable":true,"href":"https:\/\/modeco-sklep.pl\/it\/wp-json\/wp\/v2\/product_cat?post=1195"},{"taxonomy":"product_tag","embeddable":true,"href":"https:\/\/modeco-sklep.pl\/it\/wp-json\/wp\/v2\/product_tag?post=1195"}],"curies":[{"name":"wp","href":"https:\/\/api.w.org\/{rel}","templated":true}]}}