{"id":1149,"date":"2025-06-12T18:06:30","date_gmt":"2025-06-12T18:06:30","guid":{"rendered":"https:\/\/modeco.mywebwork.net\/produkt\/podsufitka-8k301-bardzo-jasny-szary\/"},"modified":"2025-07-16T22:19:50","modified_gmt":"2025-07-16T20:19:50","slug":"pannello-del-soffitto-8k301-grigio-molto-chiaro","status":"publish","type":"product","link":"https:\/\/modeco-sklep.pl\/it\/podsufitka-8k301-bardzo-jasny-szary\/","title":{"rendered":"PODSUFITKA 8K301 GRIGIO MOLTO CHIARO"},"content":{"rendered":"<h2><span style=\"font-size: 11pt;\"><span style=\"line-height: normal;\"><b><span style=\"font-size: 12.0pt;\"><span style=\"color: #444444;\">TESSUTO PER AUTO PER IL RIVESTIMENTO DEL TETTO \u00a0<\/span><\/span><\/b><\/span><\/span><\/h2>\n<p><span style=\"font-size: 11pt;\"><span style=\"line-height: normal;\"><span style=\"font-size: 12.0pt;\"><span style=\"color: #444444;\">I nostri tessuti per headliner provengono dalle pi\u00f9 grandi fabbriche europee che producono tessuti per le aziende automobilistiche.<\/span><\/span><\/span><\/span><\/p>\n<p>Colore: grigio molto chiaro<br \/>\n<span style=\"font-size: 11pt;\"><span style=\"line-height: normal;\"><span style=\"font-size: 12.0pt;\"><span style=\"color: #444444;\">I materiali sono di ottima qualit\u00e0 (OEM - prima scelta)<\/span><\/span><\/span><\/span><br \/>\n<span style=\"font-size: 11pt;\"><span style=\"line-height: normal;\"><span style=\"font-size: 12.0pt;\"><span style=\"color: #444444;\">I materiali sono laminati su una speciale spugna dello spessore di circa 3-4 mm.<\/span><\/span><\/span><\/span><br \/>\n<span style=\"font-size: 11pt;\"><span style=\"line-height: normal;\"><span style=\"font-size: 12.0pt;\"><span style=\"color: #444444;\">I materiali sono flessibili e facili da lavorare<\/span><\/span><\/span><\/span><br \/>\n<span style=\"font-size: 11pt;\"><span style=\"line-height: normal;\"><span style=\"font-size: 12.0pt;\"><span style=\"color: #444444;\">Larghezza del tessuto: 150 cm<\/span><\/span><\/span><\/span><\/p>\n<p><span style=\"font-size: 11pt;\"><span style=\"line-height: normal;\"><span style=\"font-size: 12.0pt;\"><span style=\"color: #444444;\">Il prezzo si intende per 1 metro lineare (100 x 150 cm).<\/span><\/span><\/span><\/span><br \/>\n<span style=\"font-size: 11pt;\"><span style=\"line-height: normal;\"><span style=\"font-size: 12.0pt;\"><span style=\"color: #444444;\">In caso di acquisto di pi\u00f9 metri, cerchiamo di inviare il materiale in un unico pezzo.<\/span><\/span><\/span><\/span><\/p>\n<p><span style=\"font-size: 11pt;\"><span style=\"line-height: normal;\"><span style=\"font-size: 12.0pt;\"><span style=\"color: #444444;\">Adesivo speciale, resistente alle alte temperature, disponibile nel nostro negozio.<\/span><\/span><\/span><\/span><\/p>\n<div id=\"PozostaleProdukty\">\n<div class=\"Produkty LiniaPrawa\"><\/div>\n<\/div>","protected":false},"excerpt":{"rendered":"<p>TKANINA SAMOCHODOWA NA PODSUFITK\u0118 \u00a0 Tkaniny na podsufitki samochodowe przez nas oferowane pochodz\u0105 z najwi\u0119kszych europejskich fabryk produkuj\u0105cych materia\u0142y dla koncern\u00f3w samochodowych Kolor: bardzo jasny szary Materia\u0142y charakteryzuj\u0105 si\u0119 bardzo dobr\u0105 jako\u015bci\u0105 (OEM \u2013 pierwszy gatunek) Materia\u0142y laminowane s\u0105 na specjalnej g\u0105bce o grubo\u015bci ok.3-4 mm Materia\u0142y s\u0105 elastyczne i \u0142atwe w obr\u00f3bce Szeroko\u015b\u0107 materia\u0142u: [&hellip;]<\/p>\n","protected":false},"featured_media":573,"comment_status":"closed","ping_status":"closed","template":"","meta":{"_acf_changed":false},"product_brand":[17],"product_cat":[39],"product_tag":[],"class_list":["post-1149","product","type-product","status-publish","has-post-thumbnail","product_brand-modeco","product_cat-tkaniny-kolekcja-regularna","first","instock","purchasable","product-type-simple"],"acf":[],"_links":{"self":[{"href":"https:\/\/modeco-sklep.pl\/it\/wp-json\/wp\/v2\/product\/1149","targetHints":{"allow":["GET"]}}],"collection":[{"href":"https:\/\/modeco-sklep.pl\/it\/wp-json\/wp\/v2\/product"}],"about":[{"href":"https:\/\/modeco-sklep.pl\/it\/wp-json\/wp\/v2\/types\/product"}],"replies":[{"embeddable":true,"href":"https:\/\/modeco-sklep.pl\/it\/wp-json\/wp\/v2\/comments?post=1149"}],"wp:featuredmedia":[{"embeddable":true,"href":"https:\/\/modeco-sklep.pl\/it\/wp-json\/wp\/v2\/media\/573"}],"wp:attachment":[{"href":"https:\/\/modeco-sklep.pl\/it\/wp-json\/wp\/v2\/media?parent=1149"}],"wp:term":[{"taxonomy":"product_brand","embeddable":true,"href":"https:\/\/modeco-sklep.pl\/it\/wp-json\/wp\/v2\/product_brand?post=1149"},{"taxonomy":"product_cat","embeddable":true,"href":"https:\/\/modeco-sklep.pl\/it\/wp-json\/wp\/v2\/product_cat?post=1149"},{"taxonomy":"product_tag","embeddable":true,"href":"https:\/\/modeco-sklep.pl\/it\/wp-json\/wp\/v2\/product_tag?post=1149"}],"curies":[{"name":"wp","href":"https:\/\/api.w.org\/{rel}","templated":true}]}}