{"id":5922,"date":"2025-09-07T00:25:09","date_gmt":"2025-09-06T22:25:09","guid":{"rendered":"https:\/\/modeco-sklep.pl\/?post_type=product&#038;p=5922"},"modified":"2025-09-07T00:25:42","modified_gmt":"2025-09-06T22:25:42","slug":"ambiance-marzipan","status":"publish","type":"product","link":"https:\/\/modeco-sklep.pl\/fr\/ambiente-marzepane\/","title":{"rendered":"AMBIANCE MARZEPANE"},"content":{"rendered":"<p><strong data-start=\"211\" data-end=\"223\">Ambiance<\/strong> Il s'agit d'un rev\u00eatement de sol boucl\u00e9 tuft\u00e9 de haute qualit\u00e9, enti\u00e8rement fabriqu\u00e9 \u00e0 partir de fibres polyamide Econyl 100%. Il appartient \u00e0 la classe d'utilisation 33, ce qui le rend id\u00e9al pour les espaces \u00e0 usage intensif. Gr\u00e2ce \u00e0 trois nuances de teinture, les couleurs Ambiente gagnent en profondeur et cr\u00e9ent un jeu de nuances spectaculaire qui rompt avec les sch\u00e9mas habituels des moquettes boucl\u00e9es.<\/p>\n<p data-start=\"752\" data-end=\"798\"><strong>Les principales caract\u00e9ristiques du rev\u00eatement Ambiente :<\/strong><\/p>\n<ul data-start=\"799\" data-end=\"1283\">\n<li data-start=\"799\" data-end=\"921\">\n<p data-start=\"801\" data-end=\"921\">fabriqu\u00e9 \u00e0 partir de fibres Econyl r\u00e9g\u00e9n\u00e9r\u00e9es, provenant de filets de p\u00eache, de tapis usag\u00e9s et de mati\u00e8res plastiques industrielles,<\/p>\n<\/li>\n<li data-start=\"922\" data-end=\"1029\">\n<p data-start=\"924\" data-end=\"1029\">Il est certifi\u00e9 Recyclable Plastic par le laboratoire international CSI de Milan.,<\/p>\n<\/li>\n<li data-start=\"1030\" data-end=\"1091\">\n<p data-start=\"1032\" data-end=\"1091\">extr\u00eamement durable et r\u00e9sistante \u00e0 un usage intensif,<\/p>\n<\/li>\n<li data-start=\"1151\" data-end=\"1283\">\n<p data-start=\"1153\" data-end=\"1283\">Solution enti\u00e8rement circulaire : \u00e0 la fin de son cycle de vie, elle peut \u00eatre recycl\u00e9e en fil sans perte de qualit\u00e9.<\/p>\n<\/li>\n<\/ul>\n<p data-start=\"415\" data-end=\"972\"><strong>Largeur du rev\u00eatement : 400 cm\u00a0<\/strong><\/p>\n<p data-start=\"415\" data-end=\"972\"><strong>\u00c9paisseur totale : 7,2 mm<\/strong><\/p>\n<p data-start=\"415\" data-end=\"972\"><strong>R\u00e9sistance \u00e0 la lumi\u00e8re : &gt;5\u00a0<\/strong><\/p>\n<p data-start=\"576\" data-end=\"600\"><strong data-start=\"576\" data-end=\"598\">R\u00e9sistance au feu : classe Bfl-s1<\/strong><\/p>\n<p>&nbsp;<\/p>\n<p>Le prix concerne 1 m\u00e8tre courant 100 x 400 cm.<\/p>\n<p>Commande minimale \u00e0 partir de 2 m\u00e8tres courants<\/p>\n<p>&nbsp;<\/p>\n<p>&nbsp;<\/p>","protected":false},"excerpt":{"rendered":"<p>Ambiente to wysokiej jako\u015bci wyk\u0142adzina p\u0119telkowa tuftingowa, wykonana w ca\u0142o\u015bci ze 100% w\u0142\u00f3kna poliamidowego Econyl. Nale\u017cy do klasy u\u017cytkowej 33, dzi\u0119ki czemu doskonale sprawdza si\u0119 w intensywnie u\u017cytkowanych przestrzeniach. Dzi\u0119ki trzem odcieniom barwienia, kolory Ambiente nabieraj\u0105 g\u0142\u0119bi i tworz\u0105 efektown\u0105 gr\u0119 odcieni, kt\u00f3ra prze\u0142amuje schematy typowych wyk\u0142adzin p\u0119telkowych Najwa\u017cniejsze cechy wyk\u0142adziny Ambiente: wykonana z regenerowanego [&hellip;]<\/p>\n","protected":false},"featured_media":5923,"comment_status":"open","ping_status":"closed","template":"","meta":{"_acf_changed":false},"product_brand":[17],"product_cat":[152],"product_tag":[],"class_list":["post-5922","product","type-product","status-publish","has-post-thumbnail","product_brand-modeco","product_cat-ambiente","first","onbackorder","shipping-taxable","purchasable","product-type-simple"],"acf":[],"_links":{"self":[{"href":"https:\/\/modeco-sklep.pl\/fr\/wp-json\/wp\/v2\/product\/5922","targetHints":{"allow":["GET"]}}],"collection":[{"href":"https:\/\/modeco-sklep.pl\/fr\/wp-json\/wp\/v2\/product"}],"about":[{"href":"https:\/\/modeco-sklep.pl\/fr\/wp-json\/wp\/v2\/types\/product"}],"replies":[{"embeddable":true,"href":"https:\/\/modeco-sklep.pl\/fr\/wp-json\/wp\/v2\/comments?post=5922"}],"wp:featuredmedia":[{"embeddable":true,"href":"https:\/\/modeco-sklep.pl\/fr\/wp-json\/wp\/v2\/media\/5923"}],"wp:attachment":[{"href":"https:\/\/modeco-sklep.pl\/fr\/wp-json\/wp\/v2\/media?parent=5922"}],"wp:term":[{"taxonomy":"product_brand","embeddable":true,"href":"https:\/\/modeco-sklep.pl\/fr\/wp-json\/wp\/v2\/product_brand?post=5922"},{"taxonomy":"product_cat","embeddable":true,"href":"https:\/\/modeco-sklep.pl\/fr\/wp-json\/wp\/v2\/product_cat?post=5922"},{"taxonomy":"product_tag","embeddable":true,"href":"https:\/\/modeco-sklep.pl\/fr\/wp-json\/wp\/v2\/product_tag?post=5922"}],"curies":[{"name":"wp","href":"https:\/\/api.w.org\/{rel}","templated":true}]}}