{"id":1484,"date":"2025-06-12T18:08:43","date_gmt":"2025-06-12T18:08:43","guid":{"rendered":"https:\/\/modeco.mywebwork.net\/produkt\/premium-suede-lambo-design-czarna-nic-zolta\/"},"modified":"2025-06-30T19:50:49","modified_gmt":"2025-06-30T17:50:49","slug":"premium-suede-lambo-design-noir-rien-jaune","status":"publish","type":"product","link":"https:\/\/modeco-sklep.pl\/fr\/premium-suede-lambo-design-czarna-nic-zolta\/","title":{"rendered":"PREMIUM SUEDE LAMBO DESIGN NOIR \/ FIL JAUNE"},"content":{"rendered":"<h3><strong>SUEDE PREMIUM<\/strong><\/h3>\n<h3>Tissu lamin\u00e9 destin\u00e9 \u00e0 l'habillage int\u00e9rieur automobile<\/h3>\n<p>Mat\u00e9riau destin\u00e9 \u00e0 \u00eatre utilis\u00e9 sur les si\u00e8ges de voiture, les panneaux de porte, les parois et les plafonds pour l'am\u00e9nagement de fourgonnettes\/bus.<\/p>\n<h3>\u2705 Mat\u00e9riau de haute qualit\u00e9 sur une mousse sp\u00e9ciale d'une \u00e9paisseur de 8 mm.<br \/>\n\u2705 Mousse haute densit\u00e9 \u2013 r\u00e9sistante \u00e0 la d\u00e9formation.<br \/>\n\u2705 Mat\u00e9riau exclusif de type SUEDE<br \/>\n\u2705 Cheveux courts qui changent de direction lorsque vous passez votre main dessus<\/h3>\n<h3><strong>D\u00e9tails du produit :<\/strong><\/h3>\n<ul>\n<li>\n<h3>1 pi\u00e8ce = 1 m\u00e8tre lin\u00e9aire de tissu (100 cm x 160 cm).<\/h3>\n<\/li>\n<li>\n<h3>Largeur : 160 cm.<\/h3>\n<\/li>\n<li>\n<h3>En cas d'achat d'une plus grande quantit\u00e9, nous envoyons le mat\u00e9riau en un seul morceau.<\/h3>\n<\/li>\n<\/ul>\n<h3><\/h3>","protected":false},"excerpt":{"rendered":"<p>PREMIUM SUEDE Laminowana tkanina przeznaczona do tapicerki samochodowej Materia\u0142 do zastosowania na fotele samochodowe, boczki drzwiowe, \u015bciany i sufity do zabudowy van\u00f3w\/bus\u00f3w \u2705 Wysokiej jako\u015bci materia\u0142 na specjalnej piance o grubo\u015bci 8 mm. \u2705 Pianka o wysokiej g\u0119sto\u015bci \u2013 odporna na odkszta\u0142cenia. \u2705 Ekskluzywny materia\u0142 typu SUEDE \u2705 Kr\u00f3tki w\u0142osek, kt\u00f3ry zmienia kierunek po przeci\u0105gni\u0119ciu [&hellip;]<\/p>\n","protected":false},"featured_media":1089,"comment_status":"closed","ping_status":"closed","template":"","meta":{"_acf_changed":false},"product_brand":[17],"product_cat":[106,103],"product_tag":[],"class_list":["post-1484","product","type-product","status-publish","has-post-thumbnail","product_brand-modeco","product_cat-lambo-design","product_cat-supreme-suede-premium","first","instock","purchasable","product-type-simple"],"acf":[],"_links":{"self":[{"href":"https:\/\/modeco-sklep.pl\/fr\/wp-json\/wp\/v2\/product\/1484","targetHints":{"allow":["GET"]}}],"collection":[{"href":"https:\/\/modeco-sklep.pl\/fr\/wp-json\/wp\/v2\/product"}],"about":[{"href":"https:\/\/modeco-sklep.pl\/fr\/wp-json\/wp\/v2\/types\/product"}],"replies":[{"embeddable":true,"href":"https:\/\/modeco-sklep.pl\/fr\/wp-json\/wp\/v2\/comments?post=1484"}],"wp:featuredmedia":[{"embeddable":true,"href":"https:\/\/modeco-sklep.pl\/fr\/wp-json\/wp\/v2\/media\/1089"}],"wp:attachment":[{"href":"https:\/\/modeco-sklep.pl\/fr\/wp-json\/wp\/v2\/media?parent=1484"}],"wp:term":[{"taxonomy":"product_brand","embeddable":true,"href":"https:\/\/modeco-sklep.pl\/fr\/wp-json\/wp\/v2\/product_brand?post=1484"},{"taxonomy":"product_cat","embeddable":true,"href":"https:\/\/modeco-sklep.pl\/fr\/wp-json\/wp\/v2\/product_cat?post=1484"},{"taxonomy":"product_tag","embeddable":true,"href":"https:\/\/modeco-sklep.pl\/fr\/wp-json\/wp\/v2\/product_tag?post=1484"}],"curies":[{"name":"wp","href":"https:\/\/api.w.org\/{rel}","templated":true}]}}