{"id":1129,"date":"2025-06-12T18:06:20","date_gmt":"2025-06-12T18:06:20","guid":{"rendered":"https:\/\/modeco.mywebwork.net\/produkt\/podsufitka-n18-bardzo-jasny-bezowy\/"},"modified":"2025-08-24T15:27:31","modified_gmt":"2025-08-24T13:27:31","slug":"plafond-n18-tres-clair-beige-lexus","status":"publish","type":"product","link":"https:\/\/modeco-sklep.pl\/fr\/podsufitka-n18-bardzo-jasny-bezowy-lexus\/","title":{"rendered":"PLAFOND N18 BEIGE TR\u00c8S CLAIR LEXUS"},"content":{"rendered":"<h2><span style=\"font-size: 11pt;\"><span style=\"line-height: normal;\"><b><span style=\"font-size: 12.0pt;\"><span style=\"color: #444444;\">TISSU AUTOMOBILE POUR LE PLAFOND \u00a0<\/span><\/span><\/b><\/span><\/span><\/h2>\n<p><span style=\"font-size: 11pt;\"><span style=\"line-height: normal;\"><span style=\"font-size: 12.0pt;\"><span style=\"color: #444444;\">Nos tissus pour garnitures de toit proviennent des plus grandes usines europ\u00e9ennes produisant des mat\u00e9riaux pour les constructeurs automobiles.<\/span><\/span><\/span><\/span><\/p>\n<p>Couleur : beige tr\u00e8s clair<\/p>\n<p><span style=\"font-size: 11pt;\"><span style=\"line-height: normal;\"><span style=\"font-size: 12.0pt;\"><span style=\"color: #444444;\">Les mat\u00e9riaux sont de tr\u00e8s bonne qualit\u00e9 (OEM - premi\u00e8re qualit\u00e9).<\/span><\/span><\/span><\/span><br \/>\n<span style=\"font-size: 11pt;\"><span style=\"line-height: normal;\"><span style=\"font-size: 12.0pt;\"><span style=\"color: #444444;\">Les mat\u00e9riaux sont lamin\u00e9s sur une mousse sp\u00e9ciale d'une \u00e9paisseur d'environ 3-4 mm.<\/span><\/span><\/span><\/span><br \/>\n<span style=\"font-size: 11pt;\"><span style=\"line-height: normal;\"><span style=\"font-size: 12.0pt;\"><span style=\"color: #444444;\">Les mat\u00e9riaux sont flexibles et faciles \u00e0 travailler<\/span><\/span><\/span><\/span><br \/>\n<span style=\"font-size: 11pt;\"><span style=\"line-height: normal;\"><span style=\"font-size: 12.0pt;\"><span style=\"color: #444444;\">Largeur du tissu : 150 cm<\/span><\/span><\/span><\/span><\/p>\n<p><span style=\"font-size: 11pt;\"><span style=\"line-height: normal;\"><span style=\"font-size: 12.0pt;\"><span style=\"color: #444444;\">Le prix est pour 1 m\u00e8tre courant ( 100 x 150cm)<\/span><\/span><\/span><\/span><br \/>\n<span style=\"font-size: 11pt;\"><span style=\"line-height: normal;\"><span style=\"font-size: 12.0pt;\"><span style=\"color: #444444;\">Lors de l'achat de plusieurs m\u00e8tres, nous essayons d'envoyer le mat\u00e9riel en un seul morceau.<\/span><\/span><\/span><\/span><\/p>\n<p><span style=\"font-size: 11pt;\"><span style=\"line-height: normal;\"><span style=\"font-size: 12.0pt;\"><span style=\"color: #444444;\">Adh\u00e9sif sp\u00e9cial, r\u00e9sistant aux temp\u00e9ratures \u00e9lev\u00e9es, disponible dans notre magasin<\/span><\/span><\/span><\/span><\/p>\n<div id=\"PozostaleProdukty\">\n<div class=\"Produkty LiniaPrawa\"><\/div>\n<\/div>","protected":false},"excerpt":{"rendered":"<p>TKANINA SAMOCHODOWA NA PODSUFITK\u0118 \u00a0 Tkaniny na podsufitki samochodowe przez nas oferowane pochodz\u0105 z najwi\u0119kszych europejskich fabryk produkuj\u0105cych materia\u0142y dla koncern\u00f3w samochodowych Kolor: bardzo jasny be\u017cowy Materia\u0142y charakteryzuj\u0105 si\u0119 bardzo dobr\u0105 jako\u015bci\u0105 (OEM \u2013 pierwszy gatunek) Materia\u0142y laminowane s\u0105 na specjalnej g\u0105bce o grubo\u015bci ok.3-4 mm Materia\u0142y s\u0105 elastyczne i \u0142atwe w obr\u00f3bce Szeroko\u015b\u0107 materia\u0142u: [&hellip;]<\/p>\n","protected":false},"featured_media":527,"comment_status":"closed","ping_status":"closed","template":"","meta":{"_acf_changed":false},"product_brand":[17],"product_cat":[33],"product_tag":[],"class_list":["post-1129","product","type-product","status-publish","has-post-thumbnail","product_brand-modeco","product_cat-tkaniny-dedykowane-oem","first","instock","purchasable","product-type-simple"],"acf":[],"_links":{"self":[{"href":"https:\/\/modeco-sklep.pl\/fr\/wp-json\/wp\/v2\/product\/1129","targetHints":{"allow":["GET"]}}],"collection":[{"href":"https:\/\/modeco-sklep.pl\/fr\/wp-json\/wp\/v2\/product"}],"about":[{"href":"https:\/\/modeco-sklep.pl\/fr\/wp-json\/wp\/v2\/types\/product"}],"replies":[{"embeddable":true,"href":"https:\/\/modeco-sklep.pl\/fr\/wp-json\/wp\/v2\/comments?post=1129"}],"wp:featuredmedia":[{"embeddable":true,"href":"https:\/\/modeco-sklep.pl\/fr\/wp-json\/wp\/v2\/media\/527"}],"wp:attachment":[{"href":"https:\/\/modeco-sklep.pl\/fr\/wp-json\/wp\/v2\/media?parent=1129"}],"wp:term":[{"taxonomy":"product_brand","embeddable":true,"href":"https:\/\/modeco-sklep.pl\/fr\/wp-json\/wp\/v2\/product_brand?post=1129"},{"taxonomy":"product_cat","embeddable":true,"href":"https:\/\/modeco-sklep.pl\/fr\/wp-json\/wp\/v2\/product_cat?post=1129"},{"taxonomy":"product_tag","embeddable":true,"href":"https:\/\/modeco-sklep.pl\/fr\/wp-json\/wp\/v2\/product_tag?post=1129"}],"curies":[{"name":"wp","href":"https:\/\/api.w.org\/{rel}","templated":true}]}}