{"id":1477,"date":"2025-06-12T18:08:43","date_gmt":"2025-06-12T18:08:43","guid":{"rendered":"https:\/\/modeco.mywebwork.net\/produkt\/tkanina-na-fotel-black-2\/"},"modified":"2025-10-26T19:29:06","modified_gmt":"2025-10-26T18:29:06","slug":"stoff-fur-sessel-schwarz-2","status":"publish","type":"product","link":"https:\/\/modeco-sklep.pl\/de\/tkanina-na-fotel-black-2\/","title":{"rendered":"STOFF F\u00dcR SESSEL \u2013 BLACK #2"},"content":{"rendered":"<h4>Der Autostoff Kordyant ist ein besonders strapazierf\u00e4higes und \u00e4sthetisches Material, das f\u00fcr die Polsterung von Autositzen bestimmt ist. Er zeichnet sich durch eine hohe Abriebfestigkeit aus, was eine lange Lebensdauer und ein elegantes Aussehen des Fahrzeuginnenraums gew\u00e4hrleistet.<\/h4>\n<h4>Das Material hat eine dichte Struktur und eine angenehme Oberfl\u00e4che, die f\u00fcr hohen Komfort sorgt. Dank seiner Elastizit\u00e4t und Strapazierf\u00e4higkeit passt es sich perfekt an die Form der Sitze an. Dar\u00fcber hinaus ist der Stoff leicht zu reinigen und UV-best\u00e4ndig, wodurch ein Ausbleichen der Farbe verhindert wird.<\/h4>\n<h4>Es eignet sich ideal sowohl f\u00fcr PKWs als auch f\u00fcr Lieferwagen und garantiert ein \u00e4sthetisches Aussehen und Komfort bei der Nutzung.<\/h4>\n<p>Materialbreite: 160 cm<\/p>\n<p>Der Preis gilt f\u00fcr 1 m\u00b2 (160 cm x 100 cm).<\/p>\n<p>&nbsp;<\/p>","protected":false},"excerpt":{"rendered":"<p>Tkanina samochodowa kordynant to wyj\u0105tkowo trwa\u0142y i estetyczny materia\u0142 przeznaczony do tapicerowania foteli samochodowych. Charakteryzuje si\u0119 wysok\u0105 odporno\u015bci\u0105 na \u015bcieranie, co zapewnia d\u0142ug\u0105 \u017cywotno\u015b\u0107 oraz elegancki wygl\u0105d wn\u0119trza pojazdu. Materia\u0142 posiada g\u0119st\u0105 struktur\u0119 i przyjemn\u0105 w dotyku powierzchni\u0119, kt\u00f3ra zapewnia komfort u\u017cytkowania. Dzi\u0119ki swojej elastyczno\u015bci i wytrzyma\u0142o\u015bci doskonale dopasowuje si\u0119 do kszta\u0142t\u00f3w foteli. Dodatkowo tkanina [&hellip;]<\/p>\n","protected":false},"featured_media":1073,"comment_status":"closed","ping_status":"closed","template":"","meta":{"_acf_changed":false},"product_brand":[],"product_cat":[102],"product_tag":[],"class_list":["post-1477","product","type-product","status-publish","has-post-thumbnail","product_cat-tkaniny-koordynaty","first","instock","purchasable","product-type-simple"],"acf":[],"_links":{"self":[{"href":"https:\/\/modeco-sklep.pl\/de\/wp-json\/wp\/v2\/product\/1477","targetHints":{"allow":["GET"]}}],"collection":[{"href":"https:\/\/modeco-sklep.pl\/de\/wp-json\/wp\/v2\/product"}],"about":[{"href":"https:\/\/modeco-sklep.pl\/de\/wp-json\/wp\/v2\/types\/product"}],"replies":[{"embeddable":true,"href":"https:\/\/modeco-sklep.pl\/de\/wp-json\/wp\/v2\/comments?post=1477"}],"wp:featuredmedia":[{"embeddable":true,"href":"https:\/\/modeco-sklep.pl\/de\/wp-json\/wp\/v2\/media\/1073"}],"wp:attachment":[{"href":"https:\/\/modeco-sklep.pl\/de\/wp-json\/wp\/v2\/media?parent=1477"}],"wp:term":[{"taxonomy":"product_brand","embeddable":true,"href":"https:\/\/modeco-sklep.pl\/de\/wp-json\/wp\/v2\/product_brand?post=1477"},{"taxonomy":"product_cat","embeddable":true,"href":"https:\/\/modeco-sklep.pl\/de\/wp-json\/wp\/v2\/product_cat?post=1477"},{"taxonomy":"product_tag","embeddable":true,"href":"https:\/\/modeco-sklep.pl\/de\/wp-json\/wp\/v2\/product_tag?post=1477"}],"curies":[{"name":"wp","href":"https:\/\/api.w.org\/{rel}","templated":true}]}}