{"id":1424,"date":"2025-06-12T18:08:22","date_gmt":"2025-06-12T18:08:22","guid":{"rendered":"https:\/\/modeco.mywebwork.net\/produkt\/podsufitka-8k368-jasny-szaro-bezowy-vw-audi-skoda\/"},"modified":"2026-02-04T15:45:57","modified_gmt":"2026-02-04T14:45:57","slug":"dachhimmel-8k368-hellgrau-beige-bmw","status":"publish","type":"product","link":"https:\/\/modeco-sklep.pl\/de\/podsufitka-8k368-jasny-szaro-bezowy-bmw\/","title":{"rendered":"DACHHIMMEL 8K368 HELLBEIGE BMW"},"content":{"rendered":"<p data-start=\"60\" data-end=\"97\"><strong data-start=\"60\" data-end=\"97\">Automobilstoff f\u00fcr Dachhimmel<\/strong><\/p>\n<p data-start=\"99\" data-end=\"315\">Wir bieten hochwertige Autostoffe zum Bekleben von Dachhimmeln an. Unsere Materialien stammen von renommierten europ\u00e4ischen Herstellern, die Stoffe f\u00fcr f\u00fchrende Automobilkonzerne liefern.<\/p>\n<p data-start=\"317\" data-end=\"346\"><strong data-start=\"317\" data-end=\"346\">Produktmerkmale:<\/strong><\/p>\n<ul data-start=\"347\" data-end=\"506\">\n<li data-start=\"347\" data-end=\"405\">\n<p data-start=\"349\" data-end=\"405\">Material der OEM-Klasse (erste Wahl) \u2013 h\u00f6chste Qualit\u00e4t<\/p>\n<\/li>\n<li data-start=\"406\" data-end=\"447\">\n<p data-start=\"408\" data-end=\"447\">Mit ca. 3\u20134 mm dickem Schaumstoff laminiert<\/p>\n<\/li>\n<li data-start=\"448\" data-end=\"478\">\n<p data-start=\"450\" data-end=\"478\">Flexibel und leicht zu verarbeiten<\/p>\n<\/li>\n<li data-start=\"479\" data-end=\"506\">\n<p data-start=\"481\" data-end=\"506\">Breite: ca. 150\u2013155 cm<\/p>\n<\/li>\n<\/ul>\n<p data-start=\"508\" data-end=\"533\"><strong data-start=\"508\" data-end=\"533\">Zus\u00e4tzliche Informationen:<\/strong><\/p>\n<ul data-start=\"534\" data-end=\"673\">\n<li data-start=\"534\" data-end=\"581\">\n<p data-start=\"536\" data-end=\"581\">Der Preis gilt f\u00fcr 1 Laufmeter (100 \u00d7 150 cm).<\/p>\n<\/li>\n<li data-start=\"582\" data-end=\"673\">\n<p data-start=\"584\" data-end=\"673\">Bei gr\u00f6\u00dferen Bestellmengen wird das Material (soweit m\u00f6glich) in einem St\u00fcck versandt.<\/p>\n<\/li>\n<\/ul>\n<p data-start=\"675\" data-end=\"854\"><strong data-start=\"675\" data-end=\"685\">Wichtig:<\/strong><br data-start=\"685\" data-end=\"688\" \/>F\u00fcr die Montage des Stoffes empfehlen wir die Verwendung von speziellen, hochtemperaturbest\u00e4ndigen Karosserieklebern. Verwenden Sie keine handels\u00fcblichen Polsterkleber.<\/p>\n<p>&nbsp;<\/p>\n<h3 style=\"margin: 18px 0px; text-align: left; color: #444444; text-transform: none; line-height: 24px; text-indent: 0px; letter-spacing: normal; font-size: 24px; font-style: normal; font-variant: normal; font-weight: 500; text-decoration: none; word-spacing: 0px; display: block; white-space: normal; box-sizing: border-box; orphans: 2; -webkit-text-stroke-width: 0px; background-color: transparent;\"><\/h3>","protected":false},"excerpt":{"rendered":"<p>Tkanina samochodowa na podsufitk\u0119 Oferujemy wysokiej jako\u015bci tkaniny samochodowe przeznaczone do oklejania podsufitek. Nasze materia\u0142y pochodz\u0105 od renomowanych, europejskich producent\u00f3w dostarczaj\u0105cych tkaniny dla czo\u0142owych koncern\u00f3w motoryzacyjnych. Charakterystyka produktu: Materia\u0142 klasy OEM (pierwszy gatunek) \u2013 najwy\u017csza jako\u015b\u0107 Laminowany piank\u0105 o grubo\u015bci ok. 3\u20134 mm Elastyczny i \u0142atwy w obr\u00f3bce Szeroko\u015b\u0107: ok. 150\u2013155 cm Informacje dodatkowe: Cena [&hellip;]<\/p>\n","protected":false},"featured_media":2299,"comment_status":"closed","ping_status":"closed","template":"","meta":{"_acf_changed":false},"product_brand":[17],"product_cat":[33],"product_tag":[],"class_list":["post-1424","product","type-product","status-publish","has-post-thumbnail","product_brand-modeco","product_cat-tkaniny-dedykowane-oem","first","instock","purchasable","product-type-simple"],"acf":[],"_links":{"self":[{"href":"https:\/\/modeco-sklep.pl\/de\/wp-json\/wp\/v2\/product\/1424","targetHints":{"allow":["GET"]}}],"collection":[{"href":"https:\/\/modeco-sklep.pl\/de\/wp-json\/wp\/v2\/product"}],"about":[{"href":"https:\/\/modeco-sklep.pl\/de\/wp-json\/wp\/v2\/types\/product"}],"replies":[{"embeddable":true,"href":"https:\/\/modeco-sklep.pl\/de\/wp-json\/wp\/v2\/comments?post=1424"}],"wp:featuredmedia":[{"embeddable":true,"href":"https:\/\/modeco-sklep.pl\/de\/wp-json\/wp\/v2\/media\/2299"}],"wp:attachment":[{"href":"https:\/\/modeco-sklep.pl\/de\/wp-json\/wp\/v2\/media?parent=1424"}],"wp:term":[{"taxonomy":"product_brand","embeddable":true,"href":"https:\/\/modeco-sklep.pl\/de\/wp-json\/wp\/v2\/product_brand?post=1424"},{"taxonomy":"product_cat","embeddable":true,"href":"https:\/\/modeco-sklep.pl\/de\/wp-json\/wp\/v2\/product_cat?post=1424"},{"taxonomy":"product_tag","embeddable":true,"href":"https:\/\/modeco-sklep.pl\/de\/wp-json\/wp\/v2\/product_tag?post=1424"}],"curies":[{"name":"wp","href":"https:\/\/api.w.org\/{rel}","templated":true}]}}