{"id":1102,"date":"2025-06-12T18:06:11","date_gmt":"2025-06-12T18:06:11","guid":{"rendered":"https:\/\/modeco.mywebwork.net\/produkt\/podsufitka-suede-graphite\/"},"modified":"2026-07-20T21:54:47","modified_gmt":"2026-07-20T19:54:47","slug":"dachhimmel-aus-graphitfarbenem-wildleder","status":"publish","type":"product","link":"https:\/\/modeco-sklep.pl\/de\/podsufitka-suede-graphite\/","title":{"rendered":"DACHHIMMEL SUPREME WILDLEDER - GRAPHIT"},"content":{"rendered":"<h4><strong>Auto Dachhimmel Stoff - SUPREME SUEDE Dachhimmel <\/strong><\/h4>\n<h4>Spezielles SUEDE-Material<br \/>\nEr hat kurze, weiche Borsten, die ihre Richtung \u00e4ndern, wenn sie mit der Hand gezogen werden. Er ist flexibel, passt sich perfekt an die Form des Dachhimmels an und der laminierte Schwamm (4 mm) absorbiert keinen Klebstoff.<\/h4>\n<h4>\u2705 <strong>Flexibel und einfach zu installieren<\/strong><br \/>\n\u2705 <strong>Laminierter Schwamm - 4 mm<\/strong><br \/>\n\u2705 <strong>Breite des Stoffes: 150 cm<\/strong><\/h4>\n<h2 style=\"color: #444444; display: block; box-sizing: border-box; background-color: transparent;\"><span style=\"font-size: 11pt;\"><span style=\"line-height: normal;\"><span style=\"font-size: 12.0pt;\"><span style=\"color: #444444;\">Der Preis gilt f\u00fcr 1 laufenden Meter (100 x 150cm)<\/span><\/span><\/span><\/span><br \/>\n<span style=\"font-size: 11pt;\"><span style=\"line-height: normal;\"><span style=\"font-size: 12.0pt;\"><span style=\"color: #444444;\">Beim Kauf mehrerer Meter versuchen wir, das Material in einem St\u00fcck zu versenden.<\/span><\/span><\/span><\/span><\/h2>\n<p>&nbsp;<\/p>\n<p>&nbsp;<\/p>\n<p style=\"color: #444444; box-sizing: border-box; background-color: transparent;\">","protected":false},"excerpt":{"rendered":"<p>Tkanina samochodowa na podsufitk\u0119 \u2013 PODSUFITKA SUPREME SUEDE Specjalny materia\u0142 SUEDE Posiada kr\u00f3tki, mi\u0119kki w\u0142os, kt\u00f3ry zmienia kierunek po przeci\u0105gni\u0119ciu d\u0142oni\u0105,. Jest elastyczny, doskonale dopasowuje si\u0119 do kszta\u0142tu podsufitki, a laminowana g\u0105bka (4 mm) nie wch\u0142ania kleju. &#x2705; Elastyczna i \u0142atwa w monta\u017cu &#x2705; Laminowana g\u0105bka \u2013 4 mm &#x2705; Szeroko\u015b\u0107 materia\u0142u: 150 cm Cena [&hellip;]<\/p>\n","protected":false},"featured_media":7140,"comment_status":"closed","ping_status":"closed","template":"","meta":{"_acf_changed":false},"product_brand":[17],"product_cat":[20,116],"product_tag":[],"class_list":["post-1102","product","type-product","status-publish","has-post-thumbnail","product_brand-modeco","product_cat-supreme-suede-na-podsufitki","product_cat-material-na-podsufitke","first","instock","purchasable","product-type-simple"],"acf":[],"_links":{"self":[{"href":"https:\/\/modeco-sklep.pl\/de\/wp-json\/wp\/v2\/product\/1102","targetHints":{"allow":["GET"]}}],"collection":[{"href":"https:\/\/modeco-sklep.pl\/de\/wp-json\/wp\/v2\/product"}],"about":[{"href":"https:\/\/modeco-sklep.pl\/de\/wp-json\/wp\/v2\/types\/product"}],"replies":[{"embeddable":true,"href":"https:\/\/modeco-sklep.pl\/de\/wp-json\/wp\/v2\/comments?post=1102"}],"wp:featuredmedia":[{"embeddable":true,"href":"https:\/\/modeco-sklep.pl\/de\/wp-json\/wp\/v2\/media\/7140"}],"wp:attachment":[{"href":"https:\/\/modeco-sklep.pl\/de\/wp-json\/wp\/v2\/media?parent=1102"}],"wp:term":[{"taxonomy":"product_brand","embeddable":true,"href":"https:\/\/modeco-sklep.pl\/de\/wp-json\/wp\/v2\/product_brand?post=1102"},{"taxonomy":"product_cat","embeddable":true,"href":"https:\/\/modeco-sklep.pl\/de\/wp-json\/wp\/v2\/product_cat?post=1102"},{"taxonomy":"product_tag","embeddable":true,"href":"https:\/\/modeco-sklep.pl\/de\/wp-json\/wp\/v2\/product_tag?post=1102"}],"curies":[{"name":"wp","href":"https:\/\/api.w.org\/{rel}","templated":true}]}}