{"id":1195,"date":"2025-06-12T18:07:02","date_gmt":"2025-06-12T18:07:02","guid":{"rendered":"https:\/\/modeco.mywebwork.net\/produkt\/podsufitka-suede-choco\/"},"modified":"2026-08-29T21:49:39","modified_gmt":"2026-08-29T19:49:39","slug":"plafond-en-daim-chocolat","status":"publish","type":"product","link":"http:\/\/modeco-sklep.pl\/fr\/podsufitka-suede-choco\/","title":{"rendered":"PAVILLON SUPR\u00caME EN DAIM - BRONZE"},"content":{"rendered":"<h4><strong>Tissu pour pavillon de voiture - Pavillon SUPREME SUEDE<\/strong><\/h4>\n<h4>Mat\u00e9riau sp\u00e9cial SUEDE<br \/>\nIl est dot\u00e9 de poils courts et souples qui changent de direction lorsqu'ils sont tir\u00e9s avec la main. Il est flexible, s'adapte parfaitement \u00e0 la forme du pavillon et l'\u00e9ponge lamin\u00e9e (4 mm) n'absorbe pas la colle.<\/h4>\n<h4>\u2705 <strong>Flexible et facile \u00e0 installer<\/strong><br \/>\n\u2705 <strong>\u00c9ponge lamin\u00e9e - 4 mm<\/strong><br \/>\n\u2705 <strong>Largeur du tissu : 150 cm<\/strong><\/h4>\n<h2>Le prix est pour 1 m\u00e8tre courant ( 100 x 150cm)<br \/>\nLors de l'achat de plusieurs m\u00e8tres, nous essayons d'envoyer le mat\u00e9riel en un seul morceau.<\/h2>\n<p>&nbsp;<\/p>\n<p><strong>Remarque concernant les couleurs :<\/strong> Nous mettons tout en \u0153uvre pour que les photos pr\u00e9sent\u00e9es refl\u00e8tent le plus fid\u00e8lement possible l'aspect r\u00e9el des tissus. Il faut toutefois garder \u00e0 l'esprit que les nuances de couleurs visibles \u00e0 l'\u00e9cran peuvent diff\u00e9rer de celles r\u00e9elles ; cela d\u00e9pend notamment des r\u00e9glages de l'\u00e9cran, du t\u00e9l\u00e9phone, de la luminosit\u00e9 de l'\u00e9cran et des conditions d'\u00e9clairage. En cas de doute, nous vous recommandons de commander un \u00e9chantillon de tissu avant l'achat.<\/p>\n<p style=\"color: #444444; box-sizing: border-box; background-color: transparent;\">","protected":false},"excerpt":{"rendered":"<p>Tkanina samochodowa na podsufitk\u0119 \u2013 PODSUFITKA SUPREME SUEDE Specjalny materia\u0142 SUEDE Posiada kr\u00f3tki, mi\u0119kki w\u0142os, kt\u00f3ry zmienia kierunek po przeci\u0105gni\u0119ciu d\u0142oni\u0105,. Jest elastyczny, doskonale dopasowuje si\u0119 do kszta\u0142tu podsufitki, a laminowana g\u0105bka (4 mm) nie wch\u0142ania kleju. &#x2705; Elastyczna i \u0142atwa w monta\u017cu &#x2705; Laminowana g\u0105bka \u2013 4 mm &#x2705; Szeroko\u015b\u0107 materia\u0142u: 150 cm Cena [&hellip;]<\/p>\n","protected":false},"featured_media":8517,"comment_status":"closed","ping_status":"closed","template":"","meta":{"_acf_changed":false},"product_brand":[17],"product_cat":[158,20,116,18],"product_tag":[],"class_list":["post-1195","product","type-product","status-publish","has-post-thumbnail","product_brand-modeco","product_cat-supreme-suede-stretch-tkaniny-na-podsufitki-samochodowe","product_cat-supreme-suede-na-podsufitki","product_cat-material-na-podsufitke","product_cat-tkaniny-na-podsufitki-samochodowe","first","instock","purchasable","product-type-simple"],"acf":[],"_links":{"self":[{"href":"http:\/\/modeco-sklep.pl\/fr\/wp-json\/wp\/v2\/product\/1195","targetHints":{"allow":["GET"]}}],"collection":[{"href":"http:\/\/modeco-sklep.pl\/fr\/wp-json\/wp\/v2\/product"}],"about":[{"href":"http:\/\/modeco-sklep.pl\/fr\/wp-json\/wp\/v2\/types\/product"}],"replies":[{"embeddable":true,"href":"http:\/\/modeco-sklep.pl\/fr\/wp-json\/wp\/v2\/comments?post=1195"}],"wp:featuredmedia":[{"embeddable":true,"href":"http:\/\/modeco-sklep.pl\/fr\/wp-json\/wp\/v2\/media\/8517"}],"wp:attachment":[{"href":"http:\/\/modeco-sklep.pl\/fr\/wp-json\/wp\/v2\/media?parent=1195"}],"wp:term":[{"taxonomy":"product_brand","embeddable":true,"href":"http:\/\/modeco-sklep.pl\/fr\/wp-json\/wp\/v2\/product_brand?post=1195"},{"taxonomy":"product_cat","embeddable":true,"href":"http:\/\/modeco-sklep.pl\/fr\/wp-json\/wp\/v2\/product_cat?post=1195"},{"taxonomy":"product_tag","embeddable":true,"href":"http:\/\/modeco-sklep.pl\/fr\/wp-json\/wp\/v2\/product_tag?post=1195"}],"curies":[{"name":"wp","href":"https:\/\/api.w.org\/{rel}","templated":true}]}}