{"id":1194,"date":"2025-06-12T18:06:51","date_gmt":"2025-06-12T18:06:51","guid":{"rendered":"https:\/\/modeco.mywebwork.net\/produkt\/podsufitka-suede-beige\/"},"modified":"2026-07-20T22:57:59","modified_gmt":"2026-07-20T20:57:59","slug":"plafond-en-daim-beige","status":"publish","type":"product","link":"http:\/\/modeco-sklep.pl\/fr\/podsufitka-suede-beige\/","title":{"rendered":"T\u00caTE DE LIT SUPR\u00caME EN DAIM - BEIGE"},"content":{"rendered":"<h4><strong>Tissu pour pavillon de voiture -SUPREME SUEDE STRETCH<\/strong><\/h4>\n<h4>Mat\u00e9riau sp\u00e9cial SUEDE<br \/>\nIl est dot\u00e9 de poils courts et souples qui changent de direction lorsqu'ils sont tir\u00e9s avec la main. Il est flexible, s'adapte parfaitement \u00e0 la forme du pavillon et l'\u00e9ponge lamin\u00e9e (4 mm) n'absorbe pas la colle.<\/h4>\n<h4>\u2705 <strong>Flexible et facile \u00e0 installer<\/strong><br \/>\n\u2705 <strong>\u00c9ponge lamin\u00e9e - 4 mm<\/strong><br \/>\n\u2705 <strong>Largeur du tissu : 150 cm<\/strong><\/h4>\n<h2 style=\"color: #444444; display: block; box-sizing: border-box; background-color: transparent;\"><span style=\"font-size: 11pt;\"><span style=\"line-height: normal;\"><span style=\"font-size: 12.0pt;\"><span style=\"color: #444444;\">Le prix est pour 1 m\u00e8tre courant ( 100 x 150cm)<\/span><\/span><\/span><\/span><br \/>\n<span style=\"font-size: 11pt;\"><span style=\"line-height: normal;\"><span style=\"font-size: 12.0pt;\"><span style=\"color: #444444;\">Lors de l'achat de plusieurs m\u00e8tres, nous essayons d'envoyer le mat\u00e9riel en un seul morceau.<\/span><\/span><\/span><\/span><\/h2>\n<p><img loading=\"lazy\" decoding=\"async\" class=\"aligncenter size-full wp-image-7059\" src=\"https:\/\/modeco-sklep.pl\/wp-content\/uploads\/2025\/06\/617YmfYs-L.jpg\" alt=\"\" width=\"1920\" height=\"1280\" srcset=\"https:\/\/modeco-sklep.pl\/wp-content\/uploads\/2025\/06\/617YmfYs-L.jpg 1920w, https:\/\/modeco-sklep.pl\/wp-content\/uploads\/2025\/06\/617YmfYs-L-300x200.jpg 300w, https:\/\/modeco-sklep.pl\/wp-content\/uploads\/2025\/06\/617YmfYs-L-600x400.jpg 600w, https:\/\/modeco-sklep.pl\/wp-content\/uploads\/2025\/06\/617YmfYs-L-1024x683.jpg 1024w, https:\/\/modeco-sklep.pl\/wp-content\/uploads\/2025\/06\/617YmfYs-L-768x512.jpg 768w, https:\/\/modeco-sklep.pl\/wp-content\/uploads\/2025\/06\/617YmfYs-L-1536x1024.jpg 1536w, https:\/\/modeco-sklep.pl\/wp-content\/uploads\/2025\/06\/617YmfYs-L-18x12.jpg 18w\" sizes=\"auto, (max-width: 1920px) 100vw, 1920px\" \/><\/p>\n<p style=\"color: #444444; box-sizing: border-box; background-color: transparent;\">","protected":false},"excerpt":{"rendered":"<p>Tkanina samochodowa na podsufitk\u0119 \u2013SUPREME SUEDE STRETCH Specjalny materia\u0142 SUEDE Posiada kr\u00f3tki, mi\u0119kki w\u0142os, kt\u00f3ry zmienia kierunek po przeci\u0105gni\u0119ciu d\u0142oni\u0105,. Jest elastyczny, doskonale dopasowuje si\u0119 do kszta\u0142tu podsufitki, a laminowana g\u0105bka (4 mm) nie wch\u0142ania kleju. &#x2705; Elastyczna i \u0142atwa w monta\u017cu &#x2705; Laminowana g\u0105bka \u2013 4 mm &#x2705; Szeroko\u015b\u0107 materia\u0142u: 150 cm Cena dotyczy [&hellip;]<\/p>\n","protected":false},"featured_media":7114,"comment_status":"closed","ping_status":"closed","template":"","meta":{"_acf_changed":false},"product_brand":[17],"product_cat":[20,158,116],"product_tag":[],"class_list":["post-1194","product","type-product","status-publish","has-post-thumbnail","product_brand-modeco","product_cat-supreme-suede-na-podsufitki","product_cat-supreme-suede-stretch-tkaniny-na-podsufitki-samochodowe","product_cat-material-na-podsufitke","first","outofstock","purchasable","product-type-simple"],"acf":[],"_links":{"self":[{"href":"http:\/\/modeco-sklep.pl\/fr\/wp-json\/wp\/v2\/product\/1194","targetHints":{"allow":["GET"]}}],"collection":[{"href":"http:\/\/modeco-sklep.pl\/fr\/wp-json\/wp\/v2\/product"}],"about":[{"href":"http:\/\/modeco-sklep.pl\/fr\/wp-json\/wp\/v2\/types\/product"}],"replies":[{"embeddable":true,"href":"http:\/\/modeco-sklep.pl\/fr\/wp-json\/wp\/v2\/comments?post=1194"}],"wp:featuredmedia":[{"embeddable":true,"href":"http:\/\/modeco-sklep.pl\/fr\/wp-json\/wp\/v2\/media\/7114"}],"wp:attachment":[{"href":"http:\/\/modeco-sklep.pl\/fr\/wp-json\/wp\/v2\/media?parent=1194"}],"wp:term":[{"taxonomy":"product_brand","embeddable":true,"href":"http:\/\/modeco-sklep.pl\/fr\/wp-json\/wp\/v2\/product_brand?post=1194"},{"taxonomy":"product_cat","embeddable":true,"href":"http:\/\/modeco-sklep.pl\/fr\/wp-json\/wp\/v2\/product_cat?post=1194"},{"taxonomy":"product_tag","embeddable":true,"href":"http:\/\/modeco-sklep.pl\/fr\/wp-json\/wp\/v2\/product_tag?post=1194"}],"curies":[{"name":"wp","href":"https:\/\/api.w.org\/{rel}","templated":true}]}}